{"id":1716,"date":"2021-05-01T23:13:23","date_gmt":"2021-05-01T23:13:23","guid":{"rendered":"https:\/\/pacojordan.com\/?page_id=1716"},"modified":"2026-02-11T16:36:51","modified_gmt":"2026-02-11T16:36:51","slug":"sobre-mi","status":"publish","type":"page","link":"https:\/\/pacojordan.com\/?page_id=1716","title":{"rendered":"Sobre Mi"},"content":{"rendered":"\t\t<div data-elementor-type=\"wp-page\" data-elementor-id=\"1716\" class=\"elementor elementor-1716\" data-elementor-settings=\"[]\">\n\t\t\t<div class=\"elementor-inner\">\n\t\t\t\t<div class=\"elementor-section-wrap\">\n\t\t\t\t\t\t\t<section class=\"elementor-element elementor-element-2b02c66f elementor-section-full_width elementor-section-height-default elementor-section-height-default elementor-section elementor-top-section\" data-id=\"2b02c66f\" data-element_type=\"section\" data-settings=\"{&quot;background_background&quot;:&quot;classic&quot;}\">\n\t\t\t\t\t\t\t<div class=\"elementor-background-overlay\"><\/div>\n\t\t\t\t\t\t\t<div class=\"elementor-container elementor-column-gap-default\">\n\t\t\t\t<div class=\"elementor-row\">\n\t\t\t\t<div class=\"elementor-element elementor-element-6a18fe7b elementor-column elementor-col-100 elementor-top-column\" data-id=\"6a18fe7b\" data-element_type=\"column\">\n\t\t\t<div class=\"elementor-column-wrap  elementor-element-populated\">\n\t\t\t\t\t<div class=\"elementor-widget-wrap\">\n\t\t\t\t<div class=\"elementor-element elementor-element-5442e120 elementor-widget elementor-widget-text-editor\" data-id=\"5442e120\" data-element_type=\"widget\" data-widget_type=\"text-editor.default\">\n\t\t\t\t<div class=\"elementor-widget-container\">\n\t\t\t\t\t<div class=\"elementor-text-editor elementor-clearfix\"><\/div>\n\t\t\t\t<\/div>\n\t\t\t\t<\/div>\n\t\t\t\t\t\t<\/div>\n\t\t\t<\/div>\n\t\t<\/div>\n\t\t\t\t\t\t<\/div>\n\t\t\t<\/div>\n\t\t<\/section>\n\t\t\t\t<section class=\"elementor-element elementor-element-2f465088 elementor-section-full_width elementor-section-height-default elementor-section-height-default elementor-section elementor-top-section\" data-id=\"2f465088\" data-element_type=\"section\">\n\t\t\t\t\t\t<div class=\"elementor-container elementor-column-gap-default\">\n\t\t\t\t<div class=\"elementor-row\">\n\t\t\t\t<div class=\"elementor-element elementor-element-b206e47 elementor-column elementor-col-100 elementor-top-column\" data-id=\"b206e47\" data-element_type=\"column\">\n\t\t\t<div class=\"elementor-column-wrap  elementor-element-populated\">\n\t\t\t\t\t<div class=\"elementor-widget-wrap\">\n\t\t\t\t<div class=\"elementor-element elementor-element-4061aa38 elementor-absolute elementor-widget elementor-widget-text-editor\" data-id=\"4061aa38\" data-element_type=\"widget\" data-settings=\"{&quot;_position&quot;:&quot;absolute&quot;}\" data-widget_type=\"text-editor.default\">\n\t\t\t\t<div class=\"elementor-widget-container\">\n\t\t\t\t\t<div class=\"elementor-text-editor elementor-clearfix\"><p style=\"text-align: center;\">Acerca de<\/p><p style=\"text-align: center;\">Paco Jord\u00e1n.<\/p><\/div>\n\t\t\t\t<\/div>\n\t\t\t\t<\/div>\n\t\t\t\t\t\t<\/div>\n\t\t\t<\/div>\n\t\t<\/div>\n\t\t\t\t\t\t<\/div>\n\t\t\t<\/div>\n\t\t<\/section>\n\t\t\t\t<section class=\"elementor-element elementor-element-13ea3899 elementor-section-full_width elementor-section-height-default elementor-section-height-default elementor-section elementor-top-section\" data-id=\"13ea3899\" data-element_type=\"section\">\n\t\t\t\t\t\t<div class=\"elementor-container elementor-column-gap-default\">\n\t\t\t\t<div class=\"elementor-row\">\n\t\t\t\t<div class=\"elementor-element elementor-element-5e2b4c20 elementor-column elementor-col-100 elementor-top-column\" data-id=\"5e2b4c20\" data-element_type=\"column\">\n\t\t\t<div class=\"elementor-column-wrap  elementor-element-populated\">\n\t\t\t\t\t<div class=\"elementor-widget-wrap\">\n\t\t\t\t<div class=\"elementor-element elementor-element-57d605ca elementor-widget elementor-widget-spacer\" data-id=\"57d605ca\" data-element_type=\"widget\" data-widget_type=\"spacer.default\">\n\t\t\t\t<div class=\"elementor-widget-container\">\n\t\t\t\t\t<div class=\"elementor-spacer\">\n\t\t\t<div class=\"elementor-spacer-inner\"><\/div>\n\t\t<\/div>\n\t\t\t\t<\/div>\n\t\t\t\t<\/div>\n\t\t\t\t<div class=\"elementor-element elementor-element-4c4315fd elementor-widget elementor-widget-text-editor\" data-id=\"4c4315fd\" data-element_type=\"widget\" data-widget_type=\"text-editor.default\">\n\t\t\t\t<div class=\"elementor-widget-container\">\n\t\t\t\t\t<div class=\"elementor-text-editor elementor-clearfix\"><p><strong>MEMBER OF \/ MIEMBRO DE:<\/strong><\/p><\/div>\n\t\t\t\t<\/div>\n\t\t\t\t<\/div>\n\t\t\t\t\t\t<\/div>\n\t\t\t<\/div>\n\t\t<\/div>\n\t\t\t\t\t\t<\/div>\n\t\t\t<\/div>\n\t\t<\/section>\n\t\t\t\t<section class=\"elementor-element elementor-element-28cb5e13 elementor-section-full_width elementor-section-height-default elementor-section-height-default elementor-section elementor-top-section\" data-id=\"28cb5e13\" data-element_type=\"section\">\n\t\t\t\t\t\t<div class=\"elementor-container elementor-column-gap-default\">\n\t\t\t\t<div class=\"elementor-row\">\n\t\t\t\t<div class=\"elementor-element elementor-element-640244b elementor-column elementor-col-100 elementor-top-column\" data-id=\"640244b\" data-element_type=\"column\">\n\t\t\t<div class=\"elementor-column-wrap  elementor-element-populated\">\n\t\t\t\t\t<div class=\"elementor-widget-wrap\">\n\t\t\t\t<div class=\"elementor-element elementor-element-77219d1c elementor-widget elementor-widget-text-editor\" data-id=\"77219d1c\" data-element_type=\"widget\" data-widget_type=\"text-editor.default\">\n\t\t\t\t<div class=\"elementor-widget-container\">\n\t\t\t\t\t<div class=\"elementor-text-editor elementor-clearfix\"><ul><li><strong>PSA Photographic Society of America<\/strong><\/li><li><strong>FIAP Federation Internationale de L\u00b4Art Photographique<\/strong><\/li><li><strong>CEF Confederaci\u00f3n Espa\u00f1ola de Fotograf\u00eda<\/strong><\/li><li><strong>FAF Federaci\u00f3n Andaluza de Fotograf\u00eda<\/strong><\/li><li><strong>FCF Federaci\u00f3n Catalana de Fotograf\u00eda<\/strong><\/li><li><strong>FLF Federaci\u00f3n Levantina de Fotograf\u00eda<\/strong><\/li><li><strong>Asociaci\u00f3n Foto-Cine La Vila<\/strong><\/li><li><strong>AFOTMiR Agrupaci\u00f3 Fotogr\u00e0fica de Montcada i Reixac<\/strong><\/li><li><strong>AF Objetivo 2.0<\/strong><\/li><\/ul><\/div>\n\t\t\t\t<\/div>\n\t\t\t\t<\/div>\n\t\t\t\t\t\t<\/div>\n\t\t\t<\/div>\n\t\t<\/div>\n\t\t\t\t\t\t<\/div>\n\t\t\t<\/div>\n\t\t<\/section>\n\t\t\t\t<section class=\"elementor-element elementor-element-4a9884f9 elementor-section-full_width elementor-section-height-default elementor-section-height-default elementor-section elementor-top-section\" data-id=\"4a9884f9\" data-element_type=\"section\">\n\t\t\t\t\t\t<div class=\"elementor-container elementor-column-gap-default\">\n\t\t\t\t<div class=\"elementor-row\">\n\t\t\t\t<div class=\"elementor-element elementor-element-4d7c6752 elementor-column elementor-col-100 elementor-top-column\" data-id=\"4d7c6752\" data-element_type=\"column\">\n\t\t\t<div class=\"elementor-column-wrap  elementor-element-populated\">\n\t\t\t\t\t<div class=\"elementor-widget-wrap\">\n\t\t\t\t<div class=\"elementor-element elementor-element-1579055d elementor-widget elementor-widget-text-editor\" data-id=\"1579055d\" data-element_type=\"widget\" data-widget_type=\"text-editor.default\">\n\t\t\t\t<div class=\"elementor-widget-container\">\n\t\t\t\t\t<div class=\"elementor-text-editor elementor-clearfix\"><p><strong>TITLES AND DISTINCTIONS \/ T\u00ccTULOS Y DISTINCIONES:\u00a0<\/strong><\/p><\/div>\n\t\t\t\t<\/div>\n\t\t\t\t<\/div>\n\t\t\t\t\t\t<\/div>\n\t\t\t<\/div>\n\t\t<\/div>\n\t\t\t\t\t\t<\/div>\n\t\t\t<\/div>\n\t\t<\/section>\n\t\t\t\t<section class=\"elementor-element elementor-element-4028a065 elementor-section-full_width elementor-section-height-default elementor-section-height-default elementor-section elementor-top-section\" data-id=\"4028a065\" data-element_type=\"section\">\n\t\t\t\t\t\t<div class=\"elementor-container elementor-column-gap-default\">\n\t\t\t\t<div class=\"elementor-row\">\n\t\t\t\t<div class=\"elementor-element elementor-element-205b26f9 elementor-column elementor-col-100 elementor-top-column\" data-id=\"205b26f9\" data-element_type=\"column\">\n\t\t\t<div class=\"elementor-column-wrap  elementor-element-populated\">\n\t\t\t\t\t<div class=\"elementor-widget-wrap\">\n\t\t\t\t<div class=\"elementor-element elementor-element-7cd9bede elementor-widget elementor-widget-text-editor\" data-id=\"7cd9bede\" data-element_type=\"widget\" data-widget_type=\"text-editor.default\">\n\t\t\t\t<div class=\"elementor-widget-container\">\n\t\t\t\t\t<div class=\"elementor-text-editor elementor-clearfix\"><ul><li><strong>MCEF ( Maestro de la Confederaci\u00f3n Espa\u00f1ola de Fotograf\u00eda)<\/strong><\/li><li><strong>ECEF \u00a0\u00a0(Excelencia de la Confederaci\u00f3n Espa\u00f1ola de Fotograf\u00eda)<\/strong><\/li><li><strong>ACEF \u00a0( Artista de la Confederaci\u00f3n Espa\u00f1ola de Fotograf\u00eda)<\/strong><\/li><li><strong>MFCF* ( Maestro de 1 estrella de la Federaci\u00f3n Catalana de Fotograf\u00eda)<\/strong><\/li><li><strong>EFCF ( Excelencia de la Federaci\u00f3n Catalana de Fotograf\u00eda)<\/strong><\/li><li><strong>AFCF ( Artista de la Federaci\u00f3n Catalana de Fotograf\u00eda)<\/strong><\/li><li><strong>AFLF ( Artista de la Federaci\u00f3n Levantina de Fotograf\u00eda<\/strong><\/li><\/ul><\/div>\n\t\t\t\t<\/div>\n\t\t\t\t<\/div>\n\t\t\t\t\t\t<\/div>\n\t\t\t<\/div>\n\t\t<\/div>\n\t\t\t\t\t\t<\/div>\n\t\t\t<\/div>\n\t\t<\/section>\n\t\t\t\t<section class=\"elementor-element elementor-element-f877bea elementor-section-full_width elementor-section-height-default elementor-section-height-default elementor-section elementor-top-section\" data-id=\"f877bea\" data-element_type=\"section\">\n\t\t\t\t\t\t<div class=\"elementor-container elementor-column-gap-default\">\n\t\t\t\t<div class=\"elementor-row\">\n\t\t\t\t<div class=\"elementor-element elementor-element-4abe5ea elementor-column elementor-col-100 elementor-top-column\" data-id=\"4abe5ea\" data-element_type=\"column\">\n\t\t\t<div class=\"elementor-column-wrap  elementor-element-populated\">\n\t\t\t\t\t<div class=\"elementor-widget-wrap\">\n\t\t\t\t<div class=\"elementor-element elementor-element-586a3d63 elementor-widget elementor-widget-text-editor\" data-id=\"586a3d63\" data-element_type=\"widget\" data-widget_type=\"text-editor.default\">\n\t\t\t\t<div class=\"elementor-widget-container\">\n\t\t\t\t\t<div class=\"elementor-text-editor elementor-clearfix\"><p><strong>TRAINING \/ FORMACI\u00d3N:<\/strong><\/p><\/div>\n\t\t\t\t<\/div>\n\t\t\t\t<\/div>\n\t\t\t\t\t\t<\/div>\n\t\t\t<\/div>\n\t\t<\/div>\n\t\t\t\t\t\t<\/div>\n\t\t\t<\/div>\n\t\t<\/section>\n\t\t\t\t<section class=\"elementor-element elementor-element-78dcbfee elementor-section-full_width elementor-section-height-default elementor-section-height-default elementor-section elementor-top-section\" data-id=\"78dcbfee\" data-element_type=\"section\">\n\t\t\t\t\t\t<div class=\"elementor-container elementor-column-gap-default\">\n\t\t\t\t<div class=\"elementor-row\">\n\t\t\t\t<div class=\"elementor-element elementor-element-61fdad18 elementor-column elementor-col-100 elementor-top-column\" data-id=\"61fdad18\" data-element_type=\"column\">\n\t\t\t<div class=\"elementor-column-wrap  elementor-element-populated\">\n\t\t\t\t\t<div class=\"elementor-widget-wrap\">\n\t\t\t\t<div class=\"elementor-element elementor-element-d089077 elementor-widget elementor-widget-text-editor\" data-id=\"d089077\" data-element_type=\"widget\" data-widget_type=\"text-editor.default\">\n\t\t\t\t<div class=\"elementor-widget-container\">\n\t\t\t\t\t<div class=\"elementor-text-editor elementor-clearfix\"><p><strong>&#8211; M\u00e1ster en fotograf\u00eda y edici\u00f3n digital.\u00a0<\/strong><br \/><strong>&#8211; Workshop Santos Moreno de Edici\u00f3n Digital Avanzada Petrer (Alicante) . <\/strong><br \/><strong>&#8211; Workshop Alain Perdomo Taller de iluminaci\u00f3n en exteriores para Moda avanzado <\/strong><br \/><strong>\u00a0 \u00a0 Isla de Tabarca (Alicante).<\/strong><br \/><strong>&#8211; Workshop Alain Perdomo Taller de iluminaci\u00f3n en exteriores para Moda y retoque <\/strong><br \/><strong>\u00a0 \u00a0avanzado Photoshop Santa Pola (Alicante). <\/strong><br \/><strong>&#8211; Workshop Alain Perdomo Taller de iluminaci\u00f3n de estudio para Moda y Beauty y <\/strong><br \/><strong>\u00a0 \u00a0retoque avanzado de Photoshop San juan (Alicante).<\/strong><br \/><strong>&#8211; Workshop Alain Perdomo Taller de retoque avanzado de Photoshop g\u00f3tico y <\/strong><br \/><strong>fantasia Alicante.<\/strong><br \/><strong>&#8211; Taller de Fotograf\u00eda La Gu\u00eda del Strobist fotograf\u00eda en interior y exteriores. <\/strong><br \/><strong>\u00a0 \u00a0Centro L\u00b4Spai. Impartido por Jos\u00e9 Manuel S\u00e1iz.<\/strong><br \/><strong>&#8211; Taller de fotograf\u00eda de moda en estudio y sus aplicaciones en localizaciones <\/strong><br \/><strong>\u00a0 \u00a0exteriores Centro L\u00b4Spai. Impartido por Jos\u00e9 Manuel S\u00e1iz.<\/strong><br \/><strong>&#8211; Workshop SANTOS MORENO Taller de retoque y edici\u00f3n digital avanzado.<\/strong><br \/><strong>&#8211; Curso de fotograf\u00eda digital Photoshop nivel Avanzado por el Servef.<\/strong><br \/><strong>&#8211; Curso de fotograf\u00eda digital Photoshop nivel medio Centro Coepa. <\/strong><br \/><strong>&#8211; Curso de fotograf\u00eda digital Photoshop nivel B\u00e1sico Centro de formaci\u00f3n Llorca Llinares.<\/strong><br \/><strong>&#8211; Curso de laboratorio de revelado y positivado a papel.<\/strong><\/p><\/div>\n\t\t\t\t<\/div>\n\t\t\t\t<\/div>\n\t\t\t\t\t\t<\/div>\n\t\t\t<\/div>\n\t\t<\/div>\n\t\t\t\t\t\t<\/div>\n\t\t\t<\/div>\n\t\t<\/section>\n\t\t\t\t<section class=\"elementor-element elementor-element-3968cde elementor-section-full_width elementor-section-height-default elementor-section-height-default elementor-section elementor-top-section\" data-id=\"3968cde\" data-element_type=\"section\">\n\t\t\t\t\t\t<div class=\"elementor-container elementor-column-gap-default\">\n\t\t\t\t<div class=\"elementor-row\">\n\t\t\t\t<div class=\"elementor-element elementor-element-3eabc00e elementor-column elementor-col-100 elementor-top-column\" data-id=\"3eabc00e\" data-element_type=\"column\">\n\t\t\t<div class=\"elementor-column-wrap  elementor-element-populated\">\n\t\t\t\t\t<div class=\"elementor-widget-wrap\">\n\t\t\t\t<div class=\"elementor-element elementor-element-63c9a329 elementor-widget elementor-widget-text-editor\" data-id=\"63c9a329\" data-element_type=\"widget\" data-widget_type=\"text-editor.default\">\n\t\t\t\t<div class=\"elementor-widget-container\">\n\t\t\t\t\t<div class=\"elementor-text-editor elementor-clearfix\"><p><strong>INTERNATIONAL AWARDS \/ PREMIOS INTERNACIONALES:<\/strong><\/p><\/div>\n\t\t\t\t<\/div>\n\t\t\t\t<\/div>\n\t\t\t\t\t\t<\/div>\n\t\t\t<\/div>\n\t\t<\/div>\n\t\t\t\t\t\t<\/div>\n\t\t\t<\/div>\n\t\t<\/section>\n\t\t\t\t<section class=\"elementor-element elementor-element-391e9f7f elementor-section-full_width elementor-section-height-default elementor-section-height-default elementor-section elementor-top-section\" data-id=\"391e9f7f\" data-element_type=\"section\">\n\t\t\t\t\t\t<div class=\"elementor-container elementor-column-gap-default\">\n\t\t\t\t<div class=\"elementor-row\">\n\t\t\t\t<div class=\"elementor-element elementor-element-35995dd2 elementor-column elementor-col-100 elementor-top-column\" data-id=\"35995dd2\" data-element_type=\"column\">\n\t\t\t<div class=\"elementor-column-wrap  elementor-element-populated\">\n\t\t\t\t\t<div class=\"elementor-widget-wrap\">\n\t\t\t\t<div class=\"elementor-element elementor-element-64dc1bff elementor-widget elementor-widget-text-editor\" data-id=\"64dc1bff\" data-element_type=\"widget\" data-widget_type=\"text-editor.default\">\n\t\t\t\t<div class=\"elementor-widget-container\">\n\t\t\t\t\t<div class=\"elementor-text-editor elementor-clearfix\"><ul><li><strong>Diploma Libre Color Sal\u00f3n 2. III Sal\u00f3\u00a0 Internacional de Fotograf\u00eda CERAP 2024 RIUDOMS, Catalu\u00f1a, Espa\u00f1a <\/strong>Europa 2024.<\/li><li><strong>Diploma Libre Color\u00a0 Sal\u00f3n 1. III Sal\u00f3 Internacional de fotograf\u00eda Reus, Catalu\u00f1a, Espa\u00f1a <\/strong>Europa 2024.<\/li><li><strong>Medalla de Oro PSA Photo Travel<\/strong> Rose Circuit 2024.<\/li><li><strong>Medalla de Oro Rose Open Color<\/strong> Rose Circuit 2024.<\/li><li><strong>Medalla de Oro GNG Nature <\/strong>Rose Circuit 2024.<\/li><li><strong>Diploma XV <\/strong><strong>Sal\u00f3n Internacional de Fotograf\u00eda Europa 2016.<\/strong><\/li><li><strong>Menci\u00f3n Honorifica FIAP <\/strong><strong>XIV Sal\u00f3n Internacional de Fotograf\u00eda Digital Europa 2015.<\/strong><\/li><li><strong>Medalla Plateada CEF <\/strong><strong>I Sal\u00f3n Internacional de Fotograf\u00eda de X\u00e1tiva 2014.<\/strong><\/li><li><strong>Diploma <\/strong><strong>Le Catalan 2013.<\/strong><\/li><\/ul><\/div>\n\t\t\t\t<\/div>\n\t\t\t\t<\/div>\n\t\t\t\t\t\t<\/div>\n\t\t\t<\/div>\n\t\t<\/div>\n\t\t\t\t\t\t<\/div>\n\t\t\t<\/div>\n\t\t<\/section>\n\t\t\t\t<section class=\"elementor-element elementor-element-77fd2bb2 elementor-section-full_width elementor-section-height-default elementor-section-height-default elementor-section elementor-top-section\" data-id=\"77fd2bb2\" data-element_type=\"section\">\n\t\t\t\t\t\t<div class=\"elementor-container elementor-column-gap-default\">\n\t\t\t\t<div class=\"elementor-row\">\n\t\t\t\t<div class=\"elementor-element elementor-element-5e7b3e30 elementor-column elementor-col-100 elementor-top-column\" data-id=\"5e7b3e30\" data-element_type=\"column\">\n\t\t\t<div class=\"elementor-column-wrap  elementor-element-populated\">\n\t\t\t\t\t<div class=\"elementor-widget-wrap\">\n\t\t\t\t<div class=\"elementor-element elementor-element-536ccaf1 elementor-widget elementor-widget-text-editor\" data-id=\"536ccaf1\" data-element_type=\"widget\" data-widget_type=\"text-editor.default\">\n\t\t\t\t<div class=\"elementor-widget-container\">\n\t\t\t\t\t<div class=\"elementor-text-editor elementor-clearfix\"><p><strong>National AWARDS \/ PREMIOS Nacionales:<\/strong><\/p><\/div>\n\t\t\t\t<\/div>\n\t\t\t\t<\/div>\n\t\t\t\t\t\t<\/div>\n\t\t\t<\/div>\n\t\t<\/div>\n\t\t\t\t\t\t<\/div>\n\t\t\t<\/div>\n\t\t<\/section>\n\t\t\t\t<section class=\"elementor-element elementor-element-d51c5ae elementor-section-full_width elementor-section-height-default elementor-section-height-default elementor-section elementor-top-section\" data-id=\"d51c5ae\" data-element_type=\"section\">\n\t\t\t\t\t\t<div class=\"elementor-container elementor-column-gap-default\">\n\t\t\t\t<div class=\"elementor-row\">\n\t\t\t\t<div class=\"elementor-element elementor-element-67851c46 elementor-column elementor-col-100 elementor-top-column\" data-id=\"67851c46\" data-element_type=\"column\">\n\t\t\t<div class=\"elementor-column-wrap  elementor-element-populated\">\n\t\t\t\t\t<div class=\"elementor-widget-wrap\">\n\t\t\t\t<div class=\"elementor-element elementor-element-22b7157 elementor-widget elementor-widget-text-editor\" data-id=\"22b7157\" data-element_type=\"widget\" data-widget_type=\"text-editor.default\">\n\t\t\t\t<div class=\"elementor-widget-container\">\n\t\t\t\t\t<div class=\"elementor-text-editor elementor-clearfix\"><p><strong>&#8211; 1\u00ba Premio I Concurso Nacional de fotograf\u00eda XV Marxa BTT 2012.<\/strong><br \/><strong>&#8211; I concurso Nacional de fotograf\u00eda Club Nautic La Vila Premio a la mejor colecci\u00f3n 2003.<\/strong><\/p><\/div>\n\t\t\t\t<\/div>\n\t\t\t\t<\/div>\n\t\t\t\t\t\t<\/div>\n\t\t\t<\/div>\n\t\t<\/div>\n\t\t\t\t\t\t<\/div>\n\t\t\t<\/div>\n\t\t<\/section>\n\t\t\t\t<section class=\"elementor-element elementor-element-13c53869 elementor-section-full_width elementor-section-height-default elementor-section-height-default elementor-section elementor-top-section\" data-id=\"13c53869\" data-element_type=\"section\">\n\t\t\t\t\t\t<div class=\"elementor-container elementor-column-gap-default\">\n\t\t\t\t<div class=\"elementor-row\">\n\t\t\t\t<div class=\"elementor-element elementor-element-6f42ccca elementor-column elementor-col-100 elementor-top-column\" data-id=\"6f42ccca\" data-element_type=\"column\">\n\t\t\t<div class=\"elementor-column-wrap  elementor-element-populated\">\n\t\t\t\t\t<div class=\"elementor-widget-wrap\">\n\t\t\t\t<div class=\"elementor-element elementor-element-71dbcc2a elementor-widget elementor-widget-text-editor\" data-id=\"71dbcc2a\" data-element_type=\"widget\" data-widget_type=\"text-editor.default\">\n\t\t\t\t<div class=\"elementor-widget-container\">\n\t\t\t\t\t<div class=\"elementor-text-editor elementor-clearfix\"><p><strong>INTERNATIONAL JURY \/ JURADO INTERNACIONAL:<\/strong><\/p><\/div>\n\t\t\t\t<\/div>\n\t\t\t\t<\/div>\n\t\t\t\t\t\t<\/div>\n\t\t\t<\/div>\n\t\t<\/div>\n\t\t\t\t\t\t<\/div>\n\t\t\t<\/div>\n\t\t<\/section>\n\t\t\t\t<section class=\"elementor-element elementor-element-5341997b elementor-section-full_width elementor-section-height-default elementor-section-height-default elementor-section elementor-top-section\" data-id=\"5341997b\" data-element_type=\"section\">\n\t\t\t\t\t\t<div class=\"elementor-container elementor-column-gap-default\">\n\t\t\t\t<div class=\"elementor-row\">\n\t\t\t\t<div class=\"elementor-element elementor-element-3f3f3b7f elementor-column elementor-col-100 elementor-top-column\" data-id=\"3f3f3b7f\" data-element_type=\"column\">\n\t\t\t<div class=\"elementor-column-wrap  elementor-element-populated\">\n\t\t\t\t\t<div class=\"elementor-widget-wrap\">\n\t\t\t\t<div class=\"elementor-element elementor-element-4f7d8f00 elementor-widget elementor-widget-text-editor\" data-id=\"4f7d8f00\" data-element_type=\"widget\" data-widget_type=\"text-editor.default\">\n\t\t\t\t<div class=\"elementor-widget-container\">\n\t\t\t\t\t<div class=\"elementor-text-editor elementor-clearfix\"><p><strong>&#8211; IV Sal\u00f3n Internacional Digital Vila d\u00b4Almenara 2018.<\/strong><br \/><strong>&#8211; Jurado en el IV Sal\u00f3n Internacional de Fotograf\u00eda X\u00e1tiva 2017.<\/strong><br \/><strong>&#8211; Jurado en el V Sal\u00f3n Internacional. \u201cCiudad de Villajoyosa\u201d 2016.<\/strong><\/p><\/div>\n\t\t\t\t<\/div>\n\t\t\t\t<\/div>\n\t\t\t\t\t\t<\/div>\n\t\t\t<\/div>\n\t\t<\/div>\n\t\t\t\t\t\t<\/div>\n\t\t\t<\/div>\n\t\t<\/section>\n\t\t\t\t<section class=\"elementor-element elementor-element-cc60a82 elementor-section-stretched elementor-section-full_width elementor-section-height-default elementor-section-height-default elementor-section elementor-top-section\" data-id=\"cc60a82\" data-element_type=\"section\" data-settings=\"{&quot;stretch_section&quot;:&quot;section-stretched&quot;}\">\n\t\t\t\t\t\t<div class=\"elementor-container elementor-column-gap-no\">\n\t\t\t\t<div class=\"elementor-row\">\n\t\t\t\t<div class=\"elementor-element elementor-element-2126bfb elementor-column elementor-col-100 elementor-top-column\" data-id=\"2126bfb\" data-element_type=\"column\">\n\t\t\t<div class=\"elementor-column-wrap  elementor-element-populated\">\n\t\t\t\t\t<div class=\"elementor-widget-wrap\">\n\t\t\t\t<div class=\"elementor-element elementor-element-787a8b2 elementor-widget elementor-widget-text-editor\" data-id=\"787a8b2\" data-element_type=\"widget\" data-widget_type=\"text-editor.default\">\n\t\t\t\t<div class=\"elementor-widget-container\">\n\t\t\t\t\t<div class=\"elementor-text-editor elementor-clearfix\"><h4 class=\"tw-data-text tw-text-large tw-ta\" dir=\"ltr\" data-placeholder=\"Traducci\u00f3n\" aria-label=\"Texto traducido\" data-ved=\"2ahUKEwjI_Iv4j-WFAxU-TaQEHa41B4sQ3ewLegQICBAU\">\u00a0<\/h4><h4 id=\"tw-target-text\" class=\"tw-data-text tw-text-large tw-ta\" dir=\"ltr\" data-placeholder=\"Traducci\u00f3n\" aria-label=\"Texto traducido\" data-ved=\"2ahUKEwjI_Iv4j-WFAxU-TaQEHa41B4sQ3ewLegQICBAU\"><span class=\"Y2IQFc\" lang=\"en\">SOCIAL LEAGUES JURY\/ JURADO LIGAS SOCIALES:<\/span><\/h4><h5>\u00a0<\/h5><h5>Agrupaci\u00f3 Fotogr\u00e0fica Setabense d&#8217;Aficionats AFSA (X\u00e0tiva)<\/h5><h5>\u00a0<\/h5><\/div>\n\t\t\t\t<\/div>\n\t\t\t\t<\/div>\n\t\t\t\t\t\t<\/div>\n\t\t\t<\/div>\n\t\t<\/div>\n\t\t\t\t\t\t<\/div>\n\t\t\t<\/div>\n\t\t<\/section>\n\t\t\t\t<section class=\"elementor-element elementor-element-5649c88 elementor-section-full_width elementor-section-height-default elementor-section-height-default elementor-section elementor-top-section\" data-id=\"5649c88\" data-element_type=\"section\">\n\t\t\t\t\t\t<div class=\"elementor-container elementor-column-gap-default\">\n\t\t\t\t<div class=\"elementor-row\">\n\t\t\t\t<div class=\"elementor-element elementor-element-2ac3a00 elementor-column elementor-col-100 elementor-top-column\" data-id=\"2ac3a00\" data-element_type=\"column\">\n\t\t\t<div class=\"elementor-column-wrap  elementor-element-populated\">\n\t\t\t\t\t<div class=\"elementor-widget-wrap\">\n\t\t\t\t<div class=\"elementor-element elementor-element-8d7da81 elementor-widget elementor-widget-text-editor\" data-id=\"8d7da81\" data-element_type=\"widget\" data-widget_type=\"text-editor.default\">\n\t\t\t\t<div class=\"elementor-widget-container\">\n\t\t\t\t\t<div class=\"elementor-text-editor elementor-clearfix\"><p><strong>EXHIBITIONS \/ EXPOSICIONES:<\/strong><\/p><\/div>\n\t\t\t\t<\/div>\n\t\t\t\t<\/div>\n\t\t\t\t\t\t<\/div>\n\t\t\t<\/div>\n\t\t<\/div>\n\t\t\t\t\t\t<\/div>\n\t\t\t<\/div>\n\t\t<\/section>\n\t\t\t\t<section class=\"elementor-element elementor-element-6a14a05 elementor-section-full_width elementor-section-height-default elementor-section-height-default elementor-section elementor-top-section\" data-id=\"6a14a05\" data-element_type=\"section\">\n\t\t\t\t\t\t<div class=\"elementor-container elementor-column-gap-default\">\n\t\t\t\t<div class=\"elementor-row\">\n\t\t\t\t<div class=\"elementor-element elementor-element-3789d4ac elementor-column elementor-col-100 elementor-top-column\" data-id=\"3789d4ac\" data-element_type=\"column\">\n\t\t\t<div class=\"elementor-column-wrap  elementor-element-populated\">\n\t\t\t\t\t<div class=\"elementor-widget-wrap\">\n\t\t\t\t<div class=\"elementor-element elementor-element-1076bd8f elementor-widget elementor-widget-text-editor\" data-id=\"1076bd8f\" data-element_type=\"widget\" data-widget_type=\"text-editor.default\">\n\t\t\t\t<div class=\"elementor-widget-container\">\n\t\t\t\t\t<div class=\"elementor-text-editor elementor-clearfix\"><p><strong>2026<\/strong><\/p><p><strong>\u00a0&#8211; Exposici\u00f3n Colectiva A.F Objetivo 2.0. Sala Maga\u00a0 San Jos\u00e9 de la rinconada (Sevilla).<\/strong><\/p><p><strong>&#8211; Exposici\u00f3n Photographic Society of America Spain members. L\u00b4Art de la Llum Agrupaci\u00f3 Fotogr\u00e1fica de Onda. (Castell\u00f3n)<\/strong><\/p><p><strong>2025<\/strong><\/p><p>&#8211; <strong>Exposici\u00f3n Photographic Society of America Spain members. Agrupaci\u00f3n fotogr\u00e1fica de Almenara Centre Cultural \u201cPaulo Freire (Castell\u00f3n).<\/strong><\/p><p>&#8211; <strong>Exposici\u00f3n Photographic Society of America Spain members. Agrupaci\u00f3n foto Segorbe. (Castell\u00f3n).<\/strong><\/p><p><strong>&#8211;\u00a0 Exposici\u00f3n colectiva Objetivo 2.0 Asociaci\u00f3n Fotogr\u00e1fica. Casa de las sirenas (Sevilla).\u00a0<\/strong><\/p><p><strong>&#8211;\u00a0 Exposici\u00f3n Photographic Society of America Spain members. Sala d\u00b4exposicions Mont \u00c1gora Santa Margarida de Montbui (Barcelona).<\/strong><\/p><p><strong>&#8211;\u00a0 Exposici\u00f3n colectiva anual Objetivo 2.0\u00a0 Biblioteca P\u00fablica de Camas (Sevilla).<\/strong><\/p><p><strong>2024<\/strong><\/p><p><strong>&#8211; Exposici\u00f3n colectiva Objetivo 2.0 Campeonato Interclub 2024. Sede corporativa de RTVA Isla de la Cartuja (Sevilla).<\/strong><\/p><p><strong>&#8211;\u00a0 IV Exposici\u00f3n colectiva Objetivo 2.O Sala Maga Centro Cultural de la Villa de San Jos\u00e9 de La Rinconada (Sevilla).<\/strong><\/p><p><strong>2021<\/strong>\u00a0<\/p><p><strong>&#8211; Exposici\u00f3n Colectiva Festival Imaginaria 2021. Centre Cultural \u201cPaulo Freire Almenara (Castell\u00f3n).<\/strong><\/p><p><strong>2019<\/strong><br \/><strong>&#8211; Exposici\u00f3n Colectiva Festival Imaginaria 2019. Centre Cultural \u201cPaulo Freire Almenara (Castell\u00f3n).<\/strong><br \/><strong>2017<\/strong><br \/><strong>&#8211; Exposici\u00f3n Colectiva Festival Imaginaria 2017. Centre Cultural \u201cPaulo Freire Almenara (Castell\u00f3n).<\/strong><br \/><strong>&#8211; Exposici\u00f3n colectiva GFAL 2017 en la sala AFA Antequera (M\u00e1laga).<\/strong><br \/><strong>&#8211; Exposici\u00f3n colectiva GFAL 2017 Centre Cultural \u201cPaulo Freire Almenara (Castell\u00f3n).<\/strong><br \/><strong>2016 <\/strong><br \/><strong>&#8211; Exposici\u00f3n colectiva en Villajoyosa. (Centro social de Villajoyosa) Alicante. <\/strong><br \/><strong>&#8211; Exposici\u00f3n colectiva FLF, Espai de Arte Joven Casa de la juventud de Villajoyosa (Alicante).<\/strong><br \/><strong>&#8211; Exposici\u00f3n colectiva FLF, Festival Fotogr\u00e1fico Internacional Festimatge 2016, Calella (Barcelona).<\/strong><br \/><strong>&#8211; Exposici\u00f3n colectiva en Eibar. Klub Deportibo Argazki Taldea de Eibar (Gipuzkoa).<\/strong><br \/><strong>2015 <\/strong><br \/><strong>&#8211; Exposici\u00f3n colectiva Photo Club Netanya (Israel). 2014<\/strong><br \/><strong>&#8211; Exposici\u00f3n Islandia FCLV Villajoyosa (Alicante)<\/strong><\/p><\/div>\n\t\t\t\t<\/div>\n\t\t\t\t<\/div>\n\t\t\t\t\t\t<\/div>\n\t\t\t<\/div>\n\t\t<\/div>\n\t\t\t\t\t\t<\/div>\n\t\t\t<\/div>\n\t\t<\/section>\n\t\t\t\t<section class=\"elementor-element elementor-element-47ff4c69 elementor-section-full_width elementor-section-height-default elementor-section-height-default elementor-section elementor-top-section\" data-id=\"47ff4c69\" data-element_type=\"section\">\n\t\t\t\t\t\t<div class=\"elementor-container elementor-column-gap-default\">\n\t\t\t\t<div class=\"elementor-row\">\n\t\t\t\t<div class=\"elementor-element elementor-element-d6d4c6e elementor-column elementor-col-100 elementor-top-column\" data-id=\"d6d4c6e\" data-element_type=\"column\">\n\t\t\t<div class=\"elementor-column-wrap  elementor-element-populated\">\n\t\t\t\t\t<div class=\"elementor-widget-wrap\">\n\t\t\t\t<div class=\"elementor-element elementor-element-b54a802 elementor-widget elementor-widget-text-editor\" data-id=\"b54a802\" data-element_type=\"widget\" data-widget_type=\"text-editor.default\">\n\t\t\t\t<div class=\"elementor-widget-container\">\n\t\t\t\t\t<div class=\"elementor-text-editor elementor-clearfix\"><p style=\"text-align: center;\">Paco Jord\u00e1n \u00a9 2020<\/p><p style=\"text-align: center;\">\u00a0 \u00a0 \u00a0 \u00a0 \u00a0 \u00a0 \u00a0 \u00a0 \u00a0 \u00a0 \u00a0 \u00a0 \u00a0 \u00a0 \u00a0 \u00a0 \u00a0 \u00a0 \u00a0 \u00a0 \u00a0 \u00a0 \u00a0 \u00a0 \u00a0 \u00a0 \u00a0 \u00a0 <a href=\"https:\/\/pacojordan.com\/?page_id=1070\">Condiciones de contrataci\u00f3n\u00a0<\/a> <a href=\"https:\/\/pacojordan.com\/?page_id=1081\">\u00a0Aviso legal\u00a0<\/a> <a href=\"https:\/\/pacojordan.com\/?page_id=517\">\u00a0Pol\u00edtica de privacidad\u00a0 \u00a0 \u00a0 \u00a0 \u00a0 \u00a0 \u00a0 \u00a0 \u00a0 \u00a0 \u00a0 \u00a0 \u00a0<\/a> \u00a0 \u00a0 \u00a0 \u00a0 \u00a0 \u00a0 \u00a0 \u00a0 \u00a0 \u00a0 \u00a0 \u00a0 \u00a0 \u00a0 \u00a0 \u00a0 \u00a0 \u00a0 \u00a0 \u00a0 \u00a0 \u00a0 \u00a0<\/p><p style=\"text-align: center;\">\u00a0<\/p><\/div>\n\t\t\t\t<\/div>\n\t\t\t\t<\/div>\n\t\t\t\t\t\t<\/div>\n\t\t\t<\/div>\n\t\t<\/div>\n\t\t\t\t\t\t<\/div>\n\t\t\t<\/div>\n\t\t<\/section>\n\t\t\t\t\t\t<\/div>\n\t\t\t<\/div>\n\t\t<\/div>\n\t\t","protected":false},"excerpt":{"rendered":"<p>Acerca de Paco Jord\u00e1n. MEMBER OF \/ MIEMBRO DE: PSA Photographic Society of America FIAP &hellip;<\/p>\n<p class=\"read-more\"> <a class=\"\" href=\"https:\/\/pacojordan.com\/?page_id=1716\"> <span class=\"screen-reader-text\">Sobre Mi<\/span> Leer m\u00e1s \u00bb<\/a><\/p>\n","protected":false},"author":1,"featured_media":0,"parent":0,"menu_order":0,"comment_status":"closed","ping_status":"closed","template":"","meta":[],"_links":{"self":[{"href":"https:\/\/pacojordan.com\/index.php?rest_route=\/wp\/v2\/pages\/1716"}],"collection":[{"href":"https:\/\/pacojordan.com\/index.php?rest_route=\/wp\/v2\/pages"}],"about":[{"href":"https:\/\/pacojordan.com\/index.php?rest_route=\/wp\/v2\/types\/page"}],"author":[{"embeddable":true,"href":"https:\/\/pacojordan.com\/index.php?rest_route=\/wp\/v2\/users\/1"}],"replies":[{"embeddable":true,"href":"https:\/\/pacojordan.com\/index.php?rest_route=%2Fwp%2Fv2%2Fcomments&post=1716"}],"version-history":[{"count":29,"href":"https:\/\/pacojordan.com\/index.php?rest_route=\/wp\/v2\/pages\/1716\/revisions"}],"predecessor-version":[{"id":2650,"href":"https:\/\/pacojordan.com\/index.php?rest_route=\/wp\/v2\/pages\/1716\/revisions\/2650"}],"wp:attachment":[{"href":"https:\/\/pacojordan.com\/index.php?rest_route=%2Fwp%2Fv2%2Fmedia&parent=1716"}],"curies":[{"name":"wp","href":"https:\/\/api.w.org\/{rel}","templated":true}]}}